{"id":3507,"date":"2015-11-02T15:59:10","date_gmt":"2015-11-02T14:59:10","guid":{"rendered":"http:\/\/turismovallesanlorenzo.com\/fr\/natura\/sentieri\/percorso-anello-di-costarainera\/"},"modified":"2017-10-28T13:10:01","modified_gmt":"2017-10-28T11:10:01","slug":"boucle-de-costarainera","status":"publish","type":"page","link":"https:\/\/turismovallesanlorenzo.com\/fr\/nature\/sentiers\/boucle-de-costarainera\/","title":{"rendered":"Percorso: Anello di Costarainera"},"content":{"rendered":"<p>[et_pb_section admin_label=\u00a0\u00bbsection\u00a0\u00bb fullwidth=\u00a0\u00bbon\u00a0\u00bb specialty=\u00a0\u00bboff\u00a0\u00bb background_color=\u00a0\u00bb#397d02&Prime; inner_shadow=\u00a0\u00bboff\u00a0\u00bb parallax=\u00a0\u00bboff\u00a0\u00bb transparent_background=\u00a0\u00bboff\u00a0\u00bb allow_player_pause=\u00a0\u00bboff\u00a0\u00bb parallax_method=\u00a0\u00bboff\u00a0\u00bb padding_mobile=\u00a0\u00bboff\u00a0\u00bb make_fullwidth=\u00a0\u00bboff\u00a0\u00bb use_custom_width=\u00a0\u00bboff\u00a0\u00bb width_unit=\u00a0\u00bbon\u00a0\u00bb make_equal=\u00a0\u00bboff\u00a0\u00bb use_custom_gutter=\u00a0\u00bboff\u00a0\u00bb][et_pb_fullwidth_slider admin_label=\u00a0\u00bbFullwidth Slider\u00a0\u00bb show_arrows=\u00a0\u00bbon\u00a0\u00bb show_pagination=\u00a0\u00bbon\u00a0\u00bb auto=\u00a0\u00bboff\u00a0\u00bb parallax=\u00a0\u00bboff\u00a0\u00bb auto_ignore_hover=\u00a0\u00bboff\u00a0\u00bb parallax_method=\u00a0\u00bboff\u00a0\u00bb remove_inner_shadow=\u00a0\u00bboff\u00a0\u00bb background_position=\u00a0\u00bbdefault\u00a0\u00bb background_size=\u00a0\u00bbdefault\u00a0\u00bb hide_content_on_mobile=\u00a0\u00bboff\u00a0\u00bb hide_cta_on_mobile=\u00a0\u00bboff\u00a0\u00bb show_image_video_mobile=\u00a0\u00bboff\u00a0\u00bb custom_button=\u00a0\u00bboff\u00a0\u00bb button_letter_spacing=\u00a0\u00bb0&Prime; button_use_icon=\u00a0\u00bbdefault\u00a0\u00bb button_icon_placement=\u00a0\u00bbright\u00a0\u00bb button_on_hover=\u00a0\u00bbon\u00a0\u00bb button_letter_spacing_hover=\u00a0\u00bb0&Prime;] [et_pb_slide heading=\u00a0\u00bbBoucle de Costarainera\u00a0\u00bb button_link=\u00a0\u00bb#\u00a0\u00bb background_color=\u00a0\u00bb#397d02&Prime; alignment=\u00a0\u00bbcenter\u00a0\u00bb background_layout=\u00a0\u00bbdark\u00a0\u00bb image=\u00a0\u00bbhttps:\/\/turismovallesanlorenzo.com\/wp-content\/uploads\/2015\/11\/Costarainera-cartolina.jpg\u00a0\u00bb background_position=\u00a0\u00bbdefault\u00a0\u00bb background_size=\u00a0\u00bbdefault\u00a0\u00bb allow_player_pause=\u00a0\u00bboff\u00a0\u00bb header_font_select=\u00a0\u00bbdefault\u00a0\u00bb body_font_select=\u00a0\u00bbdefault\u00a0\u00bb custom_button=\u00a0\u00bboff\u00a0\u00bb button_font_select=\u00a0\u00bbdefault\u00a0\u00bb button_use_icon=\u00a0\u00bbdefault\u00a0\u00bb button_icon_placement=\u00a0\u00bbright\u00a0\u00bb button_on_hover=\u00a0\u00bbon\u00a0\u00bb use_bg_overlay=\u00a0\u00bboff\u00a0\u00bb use_text_overlay=\u00a0\u00bboff\u00a0\u00bb text_border_radius=\u00a0\u00bb3&Prime; header_font=\u00a0\u00bb||||\u00a0\u00bb body_font=\u00a0\u00bb||||\u00a0\u00bb button_font=\u00a0\u00bb||||\u00a0\u00bb] [\/et_pb_slide] [\/et_pb_fullwidth_slider][\/et_pb_section][et_pb_section admin_label=\u00a0\u00bbSezione\u00a0\u00bb fullwidth=\u00a0\u00bboff\u00a0\u00bb specialty=\u00a0\u00bbon\u00a0\u00bb][et_pb_column type=\u00a0\u00bb1_3&Prime;][et_pb_sidebar admin_label=\u00a0\u00bbBarra Laterale\u00a0\u00bb orientation=\u00a0\u00bbleft\u00a0\u00bb area=\u00a0\u00bbet_pb_widget_area_3&Prime; background_layout=\u00a0\u00bblight\u00a0\u00bb remove_border=\u00a0\u00bboff\u00a0\u00bb disabled=\u00a0\u00bboff\u00a0\u00bb disabled_on=\u00a0\u00bbon|on|\u00a0\u00bb] [\/et_pb_sidebar][\/et_pb_column][et_pb_column type=\u00a0\u00bb2_3&Prime; specialty_columns=\u00a0\u00bb2&Prime;][et_pb_row_inner admin_label=\u00a0\u00bbRiga\u00a0\u00bb][et_pb_column_inner type=\u00a0\u00bb4_4&Prime; saved_specialty_column_type=\u00a0\u00bb2_3&Prime;][et_pb_code admin_label=\u00a0\u00bbCodice\u00a0\u00bb]&lt;iframe src=\u00a0\u00bbhttps:\/\/www.google.com\/maps\/d\/u\/0\/embed?mid=1Xy_0XDyldbA9fevxpjIjYNn8ttQ\u00a0\u00bb width=\u00a0\u00bb640&Prime; height=\u00a0\u00bb480&Prime;&gt;&lt;\/iframe&gt;[\/et_pb_code][et_pb_button admin_label=\u00a0\u00bbPulsante\u00a0\u00bb button_url=\u00a0\u00bbhttps:\/\/turismovallesanlorenzo.com\/wp-content\/uploads\/2016\/07\/Traccia_BARELLAICOSTARAINERA.gpx_.zip\u00a0\u00bb url_new_window=\u00a0\u00bboff\u00a0\u00bb button_text=\u00a0\u00bbT\u00e9l\u00e9charger le GPS de la route\u00a0\u00bb button_alignment=\u00a0\u00bbcenter\u00a0\u00bb background_layout=\u00a0\u00bblight\u00a0\u00bb custom_button=\u00a0\u00bboff\u00a0\u00bb button_letter_spacing=\u00a0\u00bb0&Prime; button_use_icon=\u00a0\u00bbdefault\u00a0\u00bb button_icon_placement=\u00a0\u00bbright\u00a0\u00bb button_on_hover=\u00a0\u00bbon\u00a0\u00bb button_letter_spacing_hover=\u00a0\u00bb0&Prime;] [\/et_pb_button][et_pb_text admin_label=\u00a0\u00bbTesto\u00a0\u00bb background_layout=\u00a0\u00bblight\u00a0\u00bb text_orientation=\u00a0\u00bbleft\u00a0\u00bb use_border_color=\u00a0\u00bboff\u00a0\u00bb border_color=\u00a0\u00bb#ffffff\u00a0\u00bb border_style=\u00a0\u00bbsolid\u00a0\u00bb]<\/p>\n<p class=\"p1\"><i><\/i><strong>Temps du trajet:<\/strong> 2 heures<\/p>\n<p class=\"p2\"><strong>Difficult\u00e9:<\/strong> T<\/p>\n<p class=\"p2\"><strong>D\u00e9nivel\u00e9:<\/strong> 250 m\u00e8tres<\/p>\n<p><span id=\"result_box\" class=\"\" lang=\"fr\"><span class=\"\">De l&rsquo;<\/span><span class=\"\">\u00e9difice monumental<\/span> <span class=\"\">de l&rsquo;ex h\u00f4pital<\/span> \u00ab\u00a0Giuseppe Barellai\u00a0\u00bb (1920-1930), traverser la Via <span class=\"\">Aurelia<\/span> <span class=\"\">et prendre la<\/span> <span class=\"\">longue mont\u00e9e<\/span> <span class=\"alt-edited\">asphalt\u00e9e<\/span> <span class=\"\">pour<\/span> <span class=\"\">Piani<\/span> <span class=\"\">Paorelli, qui est devant nous, jusqu&rsquo;\u00e0 arriver \u00e0 la zone verte avec l&rsquo;aire de jeux pr\u00e8s de laquelle est une route d&rsquo;intersection; <span class=\"alt-edited\">de l\u00e0, poursuivre<\/span> sur la grande route sans prendre <span class=\"alt-edited\">aucune d\u00e9viation<\/span> et, donc, continuer le long de la mont\u00e9e <span class=\"alt-edited\">asphalt\u00e9e jusqu&rsquo;\u00e0 rencontrer sa poursuite naturelle que p\u00e9n\u00e8tre entre les jardins cultiv\u00e9s, bandes d&rsquo;oliviers et terres incultes et que devient, de plus en plus, une piste \u00e9troite qui serpente dans la v\u00e9g\u00e9tation m\u00e9diterran\u00e9enne offrant une vue spectaculaire sur la mer.<\/span><br \/>\n<\/span><\/span><\/p>\n\n\t\t<style>\n\t\t\t#gallery-1 {\n\t\t\t\tmargin: auto;\n\t\t\t}\n\t\t\t#gallery-1 .gallery-item {\n\t\t\t\tfloat: left;\n\t\t\t\tmargin-top: 10px;\n\t\t\t\ttext-align: center;\n\t\t\t\twidth: 33%;\n\t\t\t}\n\t\t\t#gallery-1 img {\n\t\t\t\tborder: 2px solid #cfcfcf;\n\t\t\t}\n\t\t\t#gallery-1 .gallery-caption {\n\t\t\t\tmargin-left: 0;\n\t\t\t}\n\t\t\t\/* see gallery_shortcode() in wp-includes\/media.php *\/\n\t\t<\/style>\n\t\t<div id='gallery-1' class='gallery galleryid-3507 gallery-columns-3 gallery-size-thumbnail'><dl class='gallery-item'>\n\t\t\t<dt class='gallery-icon landscape'>\n\t\t\t\t<a href='https:\/\/turismovallesanlorenzo.com\/fr\/costarainera-piani-paorelli\/panoramica-complesso-elioterapico-barellai-novaro-i\/'><img loading=\"lazy\" decoding=\"async\" width=\"150\" height=\"150\" src=\"https:\/\/turismovallesanlorenzo.com\/wp-content\/uploads\/2015\/11\/Panoramica-complesso-elioterapico-Barellai-Novaro-I-150x150.jpg\" class=\"attachment-thumbnail size-thumbnail\" alt=\"\" \/><\/a>\n\t\t\t<\/dt><\/dl><dl class='gallery-item'>\n\t\t\t<dt class='gallery-icon landscape'>\n\t\t\t\t<a href='https:\/\/turismovallesanlorenzo.com\/fr\/costarainera-piani-paorelli\/panoramica-complesso-elioterapico-barellai-novaro\/'><img loading=\"lazy\" decoding=\"async\" width=\"150\" height=\"150\" src=\"https:\/\/turismovallesanlorenzo.com\/wp-content\/uploads\/2015\/11\/Panoramica-complesso-elioterapico-Barellai-Novaro-150x150.jpg\" class=\"attachment-thumbnail size-thumbnail\" alt=\"\" \/><\/a>\n\t\t\t<\/dt><\/dl><dl class='gallery-item'>\n\t\t\t<dt class='gallery-icon landscape'>\n\t\t\t\t<a href='https:\/\/turismovallesanlorenzo.com\/fr\/natura\/sentieri\/anello-di-costarainera\/piani-paorelli-ex-ospedale-g-barellai\/'><img loading=\"lazy\" decoding=\"async\" width=\"150\" height=\"150\" src=\"https:\/\/turismovallesanlorenzo.com\/wp-content\/uploads\/2015\/11\/Piani-Paorelli-ex-ospedale-G.-Barellai-150x150.jpg\" class=\"attachment-thumbnail size-thumbnail\" alt=\"\" \/><\/a>\n\t\t\t<\/dt><\/dl><br style=\"clear: both\" \/>\n\t\t<\/div>\n\n<p><span id=\"result_box\" class=\"\" lang=\"fr\"><span class=\"\">Continuez<\/span> <span class=\"alt-edited\">en montant<\/span> <span class=\"\">le long du sentier<\/span> pierreux, le \u00ab\u00a0Cammino della Costa\u00a0\u00bb, <span class=\"\">en gardant toujours<\/span> <span class=\"\">comme r\u00e9f\u00e9rence le<\/span> <span class=\"\">viaduc autoroutier<\/span> <span class=\"\"> jusqu&rsquo;\u00e0<\/span> <span class=\"\">atteigner<\/span> <span class=\"\">et traverser<\/span> <span class=\"\">la route principale<\/span>, o\u00f9 se trouve <span class=\"\">un peu plus loin<\/span>\u00a0<span class=\"\">la<\/span> petite <span class=\"\">belle gare<\/span> peinte par l&rsquo;artiste Gregorio (&lsquo;Greg) Mancino et, <span class=\"\">juste en face,<\/span><span class=\"\"> la ruelle<\/span> de via San Giacomo, <span class=\"alt-edited\">l&rsquo;un des traits<\/span> <span class=\"\">qui faisaient partie<\/span> de la longue route ou du \u00abChemin\u00bb de Saint-Jacques<span class=\"\">-de-Compostelle<\/span> et <span class=\"\">que<\/span>, <span class=\"alt-edited\">aujourd&rsquo;hui<\/span> <span class=\"alt-edited\">comme <\/span><span class=\"\">dans le pass\u00e9, il<\/span> <span class=\"\">m\u00e8ne directement<\/span> <span class=\"\">\u00e0 travers le centre<\/span> <span class=\"\">historique de<\/span> <span class=\"\">la ville de<\/span> Costarainera.<br \/>\n<\/span><\/p>\n\n\t\t<style>\n\t\t\t#gallery-2 {\n\t\t\t\tmargin: auto;\n\t\t\t}\n\t\t\t#gallery-2 .gallery-item {\n\t\t\t\tfloat: left;\n\t\t\t\tmargin-top: 10px;\n\t\t\t\ttext-align: center;\n\t\t\t\twidth: 33%;\n\t\t\t}\n\t\t\t#gallery-2 img {\n\t\t\t\tborder: 2px solid #cfcfcf;\n\t\t\t}\n\t\t\t#gallery-2 .gallery-caption {\n\t\t\t\tmargin-left: 0;\n\t\t\t}\n\t\t\t\/* see gallery_shortcode() in wp-includes\/media.php *\/\n\t\t<\/style>\n\t\t<div id='gallery-2' class='gallery galleryid-3507 gallery-columns-3 gallery-size-thumbnail'><dl class='gallery-item'>\n\t\t\t<dt class='gallery-icon landscape'>\n\t\t\t\t<a href='https:\/\/turismovallesanlorenzo.com\/fr\/nature\/sentiers\/san-lorenzo-civezza\/trekking-fra-gli-ulivi-3\/'><img loading=\"lazy\" decoding=\"async\" width=\"150\" height=\"150\" src=\"https:\/\/turismovallesanlorenzo.com\/wp-content\/uploads\/2015\/11\/Trekking-fra-gli-ulivi-1-150x150.jpg\" class=\"attachment-thumbnail size-thumbnail\" alt=\"\" \/><\/a>\n\t\t\t<\/dt><\/dl><dl class='gallery-item'>\n\t\t\t<dt class='gallery-icon landscape'>\n\t\t\t\t<a href='https:\/\/turismovallesanlorenzo.com\/fr\/natura\/sentieri\/san-lorenzo-costarainera-cipressa-aregai\/costarainera-via-san-giacomo-edicola-votiva\/'><img loading=\"lazy\" decoding=\"async\" width=\"150\" height=\"150\" src=\"https:\/\/turismovallesanlorenzo.com\/wp-content\/uploads\/2015\/11\/Costarainera-via-San-Giacomo-edicola-votiva-150x150.jpg\" class=\"attachment-thumbnail size-thumbnail\" alt=\"\" \/><\/a>\n\t\t\t<\/dt><\/dl><dl class='gallery-item'>\n\t\t\t<dt class='gallery-icon landscape'>\n\t\t\t\t<a href='https:\/\/turismovallesanlorenzo.com\/fr\/natura\/sentieri\/san-lorenzo-costarainera-cipressa-aregai\/costarainera-cartolina\/'><img loading=\"lazy\" decoding=\"async\" width=\"150\" height=\"150\" src=\"https:\/\/turismovallesanlorenzo.com\/wp-content\/uploads\/2015\/11\/Costarainera-cartolina-150x150.jpg\" class=\"attachment-thumbnail size-thumbnail\" alt=\"\" \/><\/a>\n\t\t\t<\/dt><\/dl><br style=\"clear: both\" \/>\n\t\t<\/div>\n\n<p><div class='et-learn-more clearfix'>\n\t\t\t\t\t<h3 class='heading-more'>Lois pour en savoir plus<span class='et_learnmore_arrow'><span><\/span><\/span><\/h3>\n\t\t\t\t\t<div class='learn-more-content'><span id=\"result_box\" class=\"\" lang=\"fr\"><span class=\"\">Conclu<\/span><\/span> la ruelle, on y arrive <span id=\"result_box\" class=\"\" lang=\"fr\"><span class=\"\">au pied de<\/span> <span class=\"alt-edited\">la charmante petite place<\/span> <span class=\"\">de l&rsquo;\u00e9glise<\/span>, Place Saint-Jean-le Baptiste,\u00a0<span class=\"alt-edited\">o\u00f9 on peut admirer<\/span> <span class=\"\">un complexe religieux<\/span> <span class=\"\">pr\u00e9cieux d&rsquo;\u00e9poque baroque <\/span> <span class=\"\">form\u00e9 par<\/span> <span class=\"\">l&rsquo;homonyme \u00e9glise paroissiale <\/span>et par\u00a0<span class=\"\">l&rsquo;oratoire<\/span> <span class=\"\">adjacente de<\/span> <span class=\"\">Saint<\/span>&#8211;<span class=\"\">Charles-<\/span><span class=\"\">Borromeo<\/span><span class=\"\">,<\/span> <span class=\"\">ou<\/span> de <span class=\"\">la Sainte-Trinit\u00e9<\/span> (<span class=\"\">premi\u00e8re moiti\u00e9<\/span> <span class=\"\">du XVIIIe si\u00e8cle<\/span>).<\/span><\/p>\n\n\t\t<style>\n\t\t\t#gallery-3 {\n\t\t\t\tmargin: auto;\n\t\t\t}\n\t\t\t#gallery-3 .gallery-item {\n\t\t\t\tfloat: left;\n\t\t\t\tmargin-top: 10px;\n\t\t\t\ttext-align: center;\n\t\t\t\twidth: 33%;\n\t\t\t}\n\t\t\t#gallery-3 img {\n\t\t\t\tborder: 2px solid #cfcfcf;\n\t\t\t}\n\t\t\t#gallery-3 .gallery-caption {\n\t\t\t\tmargin-left: 0;\n\t\t\t}\n\t\t\t\/* see gallery_shortcode() in wp-includes\/media.php *\/\n\t\t<\/style>\n\t\t<div id='gallery-3' class='gallery galleryid-3507 gallery-columns-3 gallery-size-thumbnail'><dl class='gallery-item'>\n\t\t\t<dt class='gallery-icon landscape'>\n\t\t\t\t<a href='https:\/\/turismovallesanlorenzo.com\/fr\/natura\/sentieri\/san-lorenzo-costarainera-cipressa-aregai\/costarainera-piazza-san-giovanni-battista\/'><img loading=\"lazy\" decoding=\"async\" width=\"150\" height=\"150\" src=\"https:\/\/turismovallesanlorenzo.com\/wp-content\/uploads\/2015\/11\/Costarainera-piazza-San-Giovanni-Battista-150x150.jpg\" class=\"attachment-thumbnail size-thumbnail\" alt=\"\" \/><\/a>\n\t\t\t<\/dt><\/dl><dl class='gallery-item'>\n\t\t\t<dt class='gallery-icon portrait'>\n\t\t\t\t<a href='https:\/\/turismovallesanlorenzo.com\/fr\/natura\/sentieri\/anello-di-costarainera\/costarainera-oratorio-di-san-carlo-borromeo-2\/'><img loading=\"lazy\" decoding=\"async\" width=\"150\" height=\"150\" src=\"https:\/\/turismovallesanlorenzo.com\/wp-content\/uploads\/2015\/11\/Costarainera-oratorio-di-San-Carlo-Borromeo-1-150x150.jpg\" class=\"attachment-thumbnail size-thumbnail\" alt=\"\" \/><\/a>\n\t\t\t<\/dt><\/dl><dl class='gallery-item'>\n\t\t\t<dt class='gallery-icon landscape'>\n\t\t\t\t<a href='https:\/\/turismovallesanlorenzo.com\/fr\/natura\/sentieri\/san-lorenzo-costarainera-cipressa-aregai\/costarainera-tipico-polo-religioso-barocco-chiesa-parrocchiale-oratorio-confraternale\/'><img loading=\"lazy\" decoding=\"async\" width=\"150\" height=\"150\" src=\"https:\/\/turismovallesanlorenzo.com\/wp-content\/uploads\/2015\/11\/Costarainera-tipico-polo-religioso-barocco-chiesa-parrocchiale-oratorio-confraternale-150x150.jpg\" class=\"attachment-thumbnail size-thumbnail\" alt=\"\" \/><\/a>\n\t\t\t<\/dt><\/dl><br style=\"clear: both\" \/>\n\t\t<\/div>\n\n<p><span id=\"result_box\" class=\"\" lang=\"fr\"><span class=\"\">De l\u00e0<\/span><span class=\"\">, on il va \u00e0<\/span> <span class=\"\">monter<\/span> <span class=\"\">la ruelle <span class=\"alt-edited\">raide de<\/span> Via Sant&rsquo;Antonio, que est un prolongement naturel de la route de \u00ab\u00a0Saint-Jacques\u00a0\u00bb (ou Via San Giacomo) et que m\u00e8ne directement dans l&rsquo;histoire stratifi\u00e9e du village, entre <span id=\"result_box\" class=\"short_text\" lang=\"fr\">carrefours anciens, maisons-tours parfaitement conserv\u00e9s et, <span class=\"alt-edited\">toujours plus haut,<\/span> au-del\u00e0 des murs des derni\u00e8res maisons, vers l&rsquo;un des sites les plus fascinants et \u00e9vocateur de la vall\u00e9e, l&rsquo;\u00e9glise de Saint-Antoine-l&rsquo;Abb\u00e9 (XIII-XVII si\u00e8cles), l&rsquo;un des joyaux de l&rsquo;architecture m\u00e9di\u00e9vale de la Ligurie de l&rsquo;Ouest.<\/span>\n<\/span><\/span><\/p>\n\n\t\t<style>\n\t\t\t#gallery-4 {\n\t\t\t\tmargin: auto;\n\t\t\t}\n\t\t\t#gallery-4 .gallery-item {\n\t\t\t\tfloat: left;\n\t\t\t\tmargin-top: 10px;\n\t\t\t\ttext-align: center;\n\t\t\t\twidth: 33%;\n\t\t\t}\n\t\t\t#gallery-4 img {\n\t\t\t\tborder: 2px solid #cfcfcf;\n\t\t\t}\n\t\t\t#gallery-4 .gallery-caption {\n\t\t\t\tmargin-left: 0;\n\t\t\t}\n\t\t\t\/* see gallery_shortcode() in wp-includes\/media.php *\/\n\t\t<\/style>\n\t\t<div id='gallery-4' class='gallery galleryid-3507 gallery-columns-3 gallery-size-thumbnail'><dl class='gallery-item'>\n\t\t\t<dt class='gallery-icon landscape'>\n\t\t\t\t<a href='https:\/\/turismovallesanlorenzo.com\/fr\/natura\/sentieri\/anello-di-costarainera\/costarainera-via-santantonio-abate-2\/'><img loading=\"lazy\" decoding=\"async\" width=\"150\" height=\"150\" src=\"https:\/\/turismovallesanlorenzo.com\/wp-content\/uploads\/2015\/11\/Costarainera-via-SantAntonio-Abate-1-150x150.jpg\" class=\"attachment-thumbnail size-thumbnail\" alt=\"\" \/><\/a>\n\t\t\t<\/dt><\/dl><dl class='gallery-item'>\n\t\t\t<dt class='gallery-icon landscape'>\n\t\t\t\t<a href='https:\/\/turismovallesanlorenzo.com\/fr\/natura\/sentieri\/anello-di-costarainera\/costarainera-via-santantonio-abate-casa-torre-sec-xv-xvi-2\/'><img loading=\"lazy\" decoding=\"async\" width=\"150\" height=\"150\" src=\"https:\/\/turismovallesanlorenzo.com\/wp-content\/uploads\/2015\/11\/Costarainera-via-SantAntonio-Abate-casa-torre-sec.-XV-XVI-1-150x150.jpg\" class=\"attachment-thumbnail size-thumbnail\" alt=\"\" \/><\/a>\n\t\t\t<\/dt><\/dl><dl class='gallery-item'>\n\t\t\t<dt class='gallery-icon landscape'>\n\t\t\t\t<a href='https:\/\/turismovallesanlorenzo.com\/fr\/natura\/sentieri\/anello-di-costarainera\/costarainera-incrocio-storico-fra-via-santantonio-abate-e-via-dr-raineri-2\/'><img loading=\"lazy\" decoding=\"async\" width=\"150\" height=\"150\" src=\"https:\/\/turismovallesanlorenzo.com\/wp-content\/uploads\/2015\/11\/Costarainera-incrocio-storico-fra-Via-SantAntonio-Abate-e-via-Dr.-Raineri-1-150x150.jpg\" class=\"attachment-thumbnail size-thumbnail\" alt=\"\" \/><\/a>\n\t\t\t<\/dt><\/dl><br style=\"clear: both\" \/>\n\t\t<\/div>\n\n<p><span id=\"result_box\" class=\"\" lang=\"fr\"><span class=\"alt-edited\">Apr\u00e8s avoir se <\/span><\/span><span id=\"result_box\" class=\"short_text\" lang=\"fr\"><span class=\"\">arr\u00eater <span id=\"result_box\" class=\"\" lang=\"fr\">dans le calme silencieux de <span class=\"alt-edited\">ce lieu<\/span> <span class=\"alt-edited\">si riche d&rsquo;<\/span>histoire et de charme, on y va <\/span><\/span><\/span><span id=\"result_box\" class=\"\" lang=\"fr\"><span class=\"\">sur la gauche<\/span> parcourant le <span class=\"alt-edited\">chemin de terre qui<\/span> <span class=\"\">descend<\/span> <span class=\"\">dans la r\u00e9gion \u00ab\u00a0Ciose\u00a0\u00bb et sur la route qui m\u00e8ne vers Cipressa, d&rsquo;o\u00f9 on y peut marcher sur le trottoir en profitant de la vue magnifique <span class=\"alt-edited\">qui se \u00e9tend<\/span> sur la mer de la vall\u00e9e, de Piani Paorelli \u00e0 Aregai.<\/span><\/span><\/p>\n\n\t\t<style>\n\t\t\t#gallery-5 {\n\t\t\t\tmargin: auto;\n\t\t\t}\n\t\t\t#gallery-5 .gallery-item {\n\t\t\t\tfloat: left;\n\t\t\t\tmargin-top: 10px;\n\t\t\t\ttext-align: center;\n\t\t\t\twidth: 33%;\n\t\t\t}\n\t\t\t#gallery-5 img {\n\t\t\t\tborder: 2px solid #cfcfcf;\n\t\t\t}\n\t\t\t#gallery-5 .gallery-caption {\n\t\t\t\tmargin-left: 0;\n\t\t\t}\n\t\t\t\/* see gallery_shortcode() in wp-includes\/media.php *\/\n\t\t<\/style>\n\t\t<div id='gallery-5' class='gallery galleryid-3507 gallery-columns-3 gallery-size-thumbnail'><dl class='gallery-item'>\n\t\t\t<dt class='gallery-icon landscape'>\n\t\t\t\t<a href='https:\/\/turismovallesanlorenzo.com\/fr\/natura\/sentieri\/san-lorenzo-costarainera-cipressa-aregai\/costarainera-chiesa-di-santantonio-abate-particolare-del-campanile\/'><img loading=\"lazy\" decoding=\"async\" width=\"150\" height=\"150\" src=\"https:\/\/turismovallesanlorenzo.com\/wp-content\/uploads\/2015\/11\/Costarainera-chiesa-di-SantAntonio-Abate-particolare-del-campanile-150x150.jpg\" class=\"attachment-thumbnail size-thumbnail\" alt=\"\" \/><\/a>\n\t\t\t<\/dt><\/dl><dl class='gallery-item'>\n\t\t\t<dt class='gallery-icon landscape'>\n\t\t\t\t<a href='https:\/\/turismovallesanlorenzo.com\/fr\/natura\/sentieri\/san-lorenzo-costarainera-cipressa-aregai\/costarainera-chiesa-di-santantonio-abate-panoramica\/'><img loading=\"lazy\" decoding=\"async\" width=\"150\" height=\"150\" src=\"https:\/\/turismovallesanlorenzo.com\/wp-content\/uploads\/2015\/11\/Costarainera-chiesa-di-SantAntonio-Abate-panoramica-150x150.jpg\" class=\"attachment-thumbnail size-thumbnail\" alt=\"\" \/><\/a>\n\t\t\t<\/dt><\/dl><dl class='gallery-item'>\n\t\t\t<dt class='gallery-icon landscape'>\n\t\t\t\t<a href='https:\/\/turismovallesanlorenzo.com\/fr\/natura\/sentieri\/san-lorenzo-costarainera-cipressa-aregai\/costarainera-chiesa-di-santantonio-abate-veduta-generale\/'><img loading=\"lazy\" decoding=\"async\" width=\"150\" height=\"150\" src=\"https:\/\/turismovallesanlorenzo.com\/wp-content\/uploads\/2015\/11\/Costarainera-chiesa-di-SantAntonio-Abate-veduta-generale-150x150.jpg\" class=\"attachment-thumbnail size-thumbnail\" alt=\"\" \/><\/a>\n\t\t\t<\/dt><\/dl><br style=\"clear: both\" \/>\n\t\t<\/div>\n\n<p><span id=\"result_box\" class=\"\" lang=\"fr\"><span class=\"\">Avant d&rsquo;atteindre ce<\/span> <span class=\"\">deuxi\u00e8me pays<\/span><span class=\"\">,<\/span> <span class=\"\">apr\u00e8s quelques centaines de<\/span> <span class=\"\">m\u00e8tres le long du<\/span> <span class=\"\">trottoir<\/span> <span class=\"alt-edited\">panoramique<\/span><span class=\"\">,<\/span> <span class=\"\">sur la gauche<\/span><span class=\"\">, il se<\/span> <span class=\"\">ouvre<\/span> <span class=\"alt-edited\">un nouveau sentier<\/span> qui,<\/span> <span id=\"result_box\" class=\"\" lang=\"fr\"><span class=\"\">\u00e0 premi\u00e8re<\/span> <span class=\"alt-edited\">de gravier,<\/span> <span class=\"\">devient<\/span> puis <span class=\"\">un chemin<\/span> qui se jette dans la mer p\u00e9n\u00e9trant entre des oliviers <span class=\"\">argent\u00e9es<\/span>, figuiers verts<span class=\"\">, jardins potagers<\/span> <span class=\"\">et terrains vacants<\/span><span class=\"\">;<\/span> <span class=\"\">dans sa<\/span> <span class=\"alt-edited\">partie finale<\/span>,<span class=\"\"> le chemin<\/span> <span class=\"alt-edited\">retourne<\/span> <span class=\"\">sur la<\/span> <span class=\"\">route goudronn\u00e9e<\/span> (V<span class=\"\">ia<\/span> <span class=\"\">Pagano<\/span><span class=\"\">) et<\/span><span class=\"\">, en gardant toujours<\/span> <span class=\"\">\u00e0 gauche,<\/span> <span class=\"\">il<\/span> <span class=\"\">nous conduira \u00e0<\/span> <span class=\"\">l&rsquo;\u00e9glise<\/span> <span class=\"\">paroissiale de<\/span> <span class=\"\">Piani<\/span> <span class=\"\">Paorelli<\/span>, \u00e0 <span class=\"\">l&rsquo;<\/span><span class=\"\">Aurelia<\/span> <span class=\"\">et enfin<\/span> en face de l\u00a0\u00bbex h\u00f4pital \u00ab\u00a0Giuseppe Barellai\u00a0\u00bb. <\/span><\/div>\n\t\t\t\t<\/div> [\/et_pb_text][\/et_pb_column_inner][\/et_pb_row_inner][\/et_pb_column][\/et_pb_section][et_pb_section admin_label=\u00a0\u00bbSezione\u00a0\u00bb fullwidth=\u00a0\u00bbon\u00a0\u00bb specialty=\u00a0\u00bboff\u00a0\u00bb transparent_background=\u00a0\u00bboff\u00a0\u00bb background_color=\u00a0\u00bb#ffffff\u00a0\u00bb allow_player_pause=\u00a0\u00bboff\u00a0\u00bb inner_shadow=\u00a0\u00bboff\u00a0\u00bb parallax=\u00a0\u00bboff\u00a0\u00bb parallax_method=\u00a0\u00bboff\u00a0\u00bb padding_mobile=\u00a0\u00bboff\u00a0\u00bb disabled=\u00a0\u00bbon\u00a0\u00bb disabled_on=\u00a0\u00bbon|on|on\u00a0\u00bb make_fullwidth=\u00a0\u00bboff\u00a0\u00bb use_custom_width=\u00a0\u00bboff\u00a0\u00bb width_unit=\u00a0\u00bbon\u00a0\u00bb make_equal=\u00a0\u00bboff\u00a0\u00bb use_custom_gutter=\u00a0\u00bboff\u00a0\u00bb][et_pb_fullwidth_map admin_label=\u00a0\u00bbMap a Larghezza Piena\u00a0\u00bb address=\u00a0\u00bbSan Lorenzo al Mare IM, Italia\u00a0\u00bb zoom_level=\u00a0\u00bb13&Prime; address_lat=\u00a0\u00bb43.85833423232542&Prime; address_lng=\u00a0\u00bb7.999427500521827&Prime; mouse_wheel=\u00a0\u00bboff\u00a0\u00bb] [et_pb_map_pin pin_address=\u00a0\u00bbSan Lorenzo al Mare IM, Italia\u00a0\u00bb pin_address_lat=\u00a0\u00bb43.8540362&Prime; pin_address_lng=\u00a0\u00bb7.965234699999996&Prime;] [\/et_pb_map_pin] [\/et_pb_fullwidth_map][\/et_pb_section][et_pb_section admin_label=\u00a0\u00bbSezione\u00a0\u00bb fullwidth=\u00a0\u00bboff\u00a0\u00bb specialty=\u00a0\u00bboff\u00a0\u00bb transparent_background=\u00a0\u00bboff\u00a0\u00bb background_color=\u00a0\u00bb#397d02&Prime; allow_player_pause=\u00a0\u00bboff\u00a0\u00bb inner_shadow=\u00a0\u00bboff\u00a0\u00bb parallax=\u00a0\u00bboff\u00a0\u00bb parallax_method=\u00a0\u00bboff\u00a0\u00bb padding_mobile=\u00a0\u00bboff\u00a0\u00bb make_fullwidth=\u00a0\u00bboff\u00a0\u00bb use_custom_width=\u00a0\u00bboff\u00a0\u00bb width_unit=\u00a0\u00bbon\u00a0\u00bb make_equal=\u00a0\u00bboff\u00a0\u00bb use_custom_gutter=\u00a0\u00bboff\u00a0\u00bb][et_pb_row admin_label=\u00a0\u00bbRiga\u00a0\u00bb][et_pb_column type=\u00a0\u00bb4_4&Prime;][et_pb_text admin_label=\u00a0\u00bbTesto\u00a0\u00bb background_layout=\u00a0\u00bbdark\u00a0\u00bb text_orientation=\u00a0\u00bbleft\u00a0\u00bb use_border_color=\u00a0\u00bboff\u00a0\u00bb border_color=\u00a0\u00bb#ffffff\u00a0\u00bb border_style=\u00a0\u00bbsolid\u00a0\u00bb]<\/p>\n<h2><a href=\"https:\/\/turismovallesanlorenzo.com\/fr\/nature\/sentiers\/\"><strong>Sentiers:<\/strong><\/a><\/h2>\n<p>[\/et_pb_text][\/et_pb_column][\/et_pb_row][et_pb_row admin_label=\u00a0\u00bbRiga\u00a0\u00bb][et_pb_column type=\u00a0\u00bb1_3&Prime;][et_pb_text admin_label=\u00a0\u00bbTesto\u00a0\u00bb background_layout=\u00a0\u00bbdark\u00a0\u00bb text_orientation=\u00a0\u00bbleft\u00a0\u00bb use_border_color=\u00a0\u00bboff\u00a0\u00bb border_color=\u00a0\u00bb#ffffff\u00a0\u00bb border_style=\u00a0\u00bbsolid\u00a0\u00bb]<\/p>\n<h5><a href=\"https:\/\/turismovallesanlorenzo.com\/fr\/nature\/sentiers\/circuit-pietrabruna-mont-follia\/\">Circuit Pietrabruna &#8211; Mont Follia<\/a><\/h5>\n<p>[\/et_pb_text][et_pb_text admin_label=\u00a0\u00bbTesto\u00a0\u00bb background_layout=\u00a0\u00bbdark\u00a0\u00bb text_orientation=\u00a0\u00bbleft\u00a0\u00bb use_border_color=\u00a0\u00bboff\u00a0\u00bb border_color=\u00a0\u00bb#ffffff\u00a0\u00bb border_style=\u00a0\u00bbsolid\u00a0\u00bb]<\/p>\n<h5><a href=\"https:\/\/turismovallesanlorenzo.com\/fr\/nature\/sentiers\/civezza-lingueglietta\/\">Civezza &#8211; Lingueglietta<\/a><\/h5>\n<p>[\/et_pb_text][et_pb_text admin_label=\u00a0\u00bbTesto\u00a0\u00bb background_layout=\u00a0\u00bbdark\u00a0\u00bb text_orientation=\u00a0\u00bbleft\u00a0\u00bb use_border_color=\u00a0\u00bboff\u00a0\u00bb border_color=\u00a0\u00bb#ffffff\u00a0\u00bb border_style=\u00a0\u00bbsolid\u00a0\u00bb]<\/p>\n<h5><a href=\"https:\/\/turismovallesanlorenzo.com\/fr\/nature\/sentiers\/lingueglietta-san-lorenzo\/\">Lingueglietta &#8211; San Lorenzo al Mare<\/a><\/h5>\n<p>[\/et_pb_text][et_pb_text admin_label=\u00a0\u00bbTesto\u00a0\u00bb background_layout=\u00a0\u00bbdark\u00a0\u00bb text_orientation=\u00a0\u00bbleft\u00a0\u00bb use_border_color=\u00a0\u00bboff\u00a0\u00bb border_color=\u00a0\u00bb#ffffff\u00a0\u00bb border_style=\u00a0\u00bbsolid\u00a0\u00bb]<\/p>\n<h5><a href=\"https:\/\/turismovallesanlorenzo.com\/fr\/nature\/sentiers\/boucle-de-boscomare\/\">Boucle de Boscomare<\/a><\/h5>\n<p>[\/et_pb_text][\/et_pb_column][et_pb_column type=\u00a0\u00bb1_3&Prime;][et_pb_text admin_label=\u00a0\u00bbTesto\u00a0\u00bb background_layout=\u00a0\u00bbdark\u00a0\u00bb text_orientation=\u00a0\u00bbleft\u00a0\u00bb use_border_color=\u00a0\u00bboff\u00a0\u00bb border_color=\u00a0\u00bb#ffffff\u00a0\u00bb border_style=\u00a0\u00bbsolid\u00a0\u00bb]<\/p>\n<h5><a href=\"https:\/\/turismovallesanlorenzo.com\/fr\/nature\/sentiers\/san-lorenzo-costarainera-cipressa-aregai\/\">San Lorenzo al Mare\u00a0&#8211; Costarainera &#8211; Cipressa\u00a0&#8211; Aregai (Piste Cyclable)<\/a><\/h5>\n<p>[\/et_pb_text][et_pb_text admin_label=\u00a0\u00bbTesto\u00a0\u00bb background_layout=\u00a0\u00bbdark\u00a0\u00bb text_orientation=\u00a0\u00bbleft\u00a0\u00bb use_border_color=\u00a0\u00bboff\u00a0\u00bb border_color=\u00a0\u00bb#ffffff\u00a0\u00bb border_style=\u00a0\u00bbsolid\u00a0\u00bb]<\/p>\n<h5><a href=\"https:\/\/turismovallesanlorenzo.com\/fr\/nature\/sentiers\/san-lorenzo-civezza\/\">San Lorenzo al\u00a0Mare\u00a0&#8211; Civezza<\/a><\/h5>\n<p>[\/et_pb_text][et_pb_text admin_label=\u00a0\u00bbTesto\u00a0\u00bb background_layout=\u00a0\u00bbdark\u00a0\u00bb text_orientation=\u00a0\u00bbleft\u00a0\u00bb use_border_color=\u00a0\u00bboff\u00a0\u00bb border_color=\u00a0\u00bb#ffffff\u00a0\u00bb border_style=\u00a0\u00bbsolid\u00a0\u00bb]<\/p>\n<h5><a href=\"https:\/\/turismovallesanlorenzo.com\/fr\/nature\/sentiers\/boucle-de-costarainera\/\">Boucle de Costarainera<\/a><\/h5>\n<p>[\/et_pb_text][et_pb_text admin_label=\u00a0\u00bbTesto\u00a0\u00bb background_layout=\u00a0\u00bbdark\u00a0\u00bb text_orientation=\u00a0\u00bbleft\u00a0\u00bb use_border_color=\u00a0\u00bboff\u00a0\u00bb border_color=\u00a0\u00bb#ffffff\u00a0\u00bb border_style=\u00a0\u00bbsolid\u00a0\u00bb]<\/p>\n<h5><a href=\"https:\/\/turismovallesanlorenzo.com\/fr\/nature\/sentiers\/boscomare-pietrabruna\/\">Boscomare &#8211; Pietrabruna<\/a><\/h5>\n<h5><\/h5>\n<p>[\/et_pb_text][\/et_pb_column][et_pb_column type=\u00a0\u00bb1_3&Prime;][et_pb_text admin_label=\u00a0\u00bbTesto\u00a0\u00bb background_layout=\u00a0\u00bbdark\u00a0\u00bb text_orientation=\u00a0\u00bbleft\u00a0\u00bb use_border_color=\u00a0\u00bboff\u00a0\u00bb border_color=\u00a0\u00bb#ffffff\u00a0\u00bb border_style=\u00a0\u00bbsolid\u00a0\u00bb]<\/p>\n<h5><a href=\"https:\/\/turismovallesanlorenzo.com\/fr\/nature\/sentiers\/boucle-de-civezza\/\">Boucle de Civezza<\/a><\/h5>\n<p>[\/et_pb_text][et_pb_text admin_label=\u00a0\u00bbTesto\u00a0\u00bb background_layout=\u00a0\u00bbdark\u00a0\u00bb text_orientation=\u00a0\u00bbleft\u00a0\u00bb use_border_color=\u00a0\u00bboff\u00a0\u00bb border_color=\u00a0\u00bb#ffffff\u00a0\u00bb border_style=\u00a0\u00bbsolid\u00a0\u00bb]<\/p>\n<h5><a href=\"https:\/\/turismovallesanlorenzo.com\/fr\/nature\/sentiers\/torre-paponi-lingueglietta\/\">Torre Paponi &#8211; Lingueglietta<\/a><\/h5>\n<p>[\/et_pb_text][et_pb_text admin_label=\u00a0\u00bbTesto\u00a0\u00bb background_layout=\u00a0\u00bbdark\u00a0\u00bb text_orientation=\u00a0\u00bbleft\u00a0\u00bb use_border_color=\u00a0\u00bboff\u00a0\u00bb border_color=\u00a0\u00bb#ffffff\u00a0\u00bb border_style=\u00a0\u00bbsolid\u00a0\u00bb]<\/p>\n<h5><a href=\"https:\/\/turismovallesanlorenzo.com\/fr\/nature\/sentiers\/san-lorenzo-costarainera\/\">San Lorenzo al Mare\u00a0&#8211; Costarainera<\/a><\/h5>\n<p>[\/et_pb_text][et_pb_text admin_label=\u00a0\u00bbTesto\u00a0\u00bb background_layout=\u00a0\u00bbdark\u00a0\u00bb text_orientation=\u00a0\u00bbleft\u00a0\u00bb use_border_color=\u00a0\u00bboff\u00a0\u00bb border_color=\u00a0\u00bb#ffffff\u00a0\u00bb border_style=\u00a0\u00bbsolid\u00a0\u00bb]<\/p>\n<h5><a href=\"https:\/\/turismovallesanlorenzo.com\/fr\/nature\/sentiers\/san-lorenzo-aregai-di-cipressa\/\">San Lorenzo al Mare\u00a0&#8211; Aregai di Cipressa (Piste Cyclable)<\/a><\/h5>\n<p>[\/et_pb_text][\/et_pb_column][\/et_pb_row][\/et_pb_section]<\/p>\n","protected":false},"excerpt":{"rendered":"<p>Temps du trajet: 2 heures Difficult\u00e9: T D\u00e9nivel\u00e9: 250 m\u00e8tres De l&rsquo;\u00e9difice monumental de l&rsquo;ex h\u00f4pital \u00ab\u00a0Giuseppe Barellai\u00a0\u00bb (1920-1930), traverser la Via Aurelia et prendre la longue mont\u00e9e asphalt\u00e9e pour Piani Paorelli, qui est devant nous, jusqu&rsquo;\u00e0 arriver \u00e0 la zone verte avec l&rsquo;aire de jeux pr\u00e8s de laquelle est une route d&rsquo;intersection; de l\u00e0, [&hellip;]<\/p>\n","protected":false},"author":8,"featured_media":0,"parent":3490,"menu_order":0,"comment_status":"closed","ping_status":"closed","template":"","meta":{"_et_pb_use_builder":"on","_et_pb_old_content":"","_et_gb_content_width":"","footnotes":""},"class_list":["post-3507","page","type-page","status-publish","hentry"],"_links":{"self":[{"href":"https:\/\/turismovallesanlorenzo.com\/fr\/wp-json\/wp\/v2\/pages\/3507","targetHints":{"allow":["GET"]}}],"collection":[{"href":"https:\/\/turismovallesanlorenzo.com\/fr\/wp-json\/wp\/v2\/pages"}],"about":[{"href":"https:\/\/turismovallesanlorenzo.com\/fr\/wp-json\/wp\/v2\/types\/page"}],"author":[{"embeddable":true,"href":"https:\/\/turismovallesanlorenzo.com\/fr\/wp-json\/wp\/v2\/users\/8"}],"replies":[{"embeddable":true,"href":"https:\/\/turismovallesanlorenzo.com\/fr\/wp-json\/wp\/v2\/comments?post=3507"}],"version-history":[{"count":14,"href":"https:\/\/turismovallesanlorenzo.com\/fr\/wp-json\/wp\/v2\/pages\/3507\/revisions"}],"predecessor-version":[{"id":7968,"href":"https:\/\/turismovallesanlorenzo.com\/fr\/wp-json\/wp\/v2\/pages\/3507\/revisions\/7968"}],"up":[{"embeddable":true,"href":"https:\/\/turismovallesanlorenzo.com\/fr\/wp-json\/wp\/v2\/pages\/3490"}],"wp:attachment":[{"href":"https:\/\/turismovallesanlorenzo.com\/fr\/wp-json\/wp\/v2\/media?parent=3507"}],"curies":[{"name":"wp","href":"https:\/\/api.w.org\/{rel}","templated":true}]}}